{"id":9645,"date":"2020-11-29T14:24:59","date_gmt":"2020-11-29T13:24:59","guid":{"rendered":"http:\/\/www.maria-koenigin.de\/?page_id=9645"},"modified":"2021-02-20T15:49:52","modified_gmt":"2021-02-20T14:49:52","slug":"impulse-zum-advent","status":"publish","type":"page","link":"http:\/\/www.maria-koenigin.de\/?page_id=9645","title":{"rendered":"Impulse"},"content":{"rendered":"<p><img loading=\"lazy\" decoding=\"async\" class=\"alignright wp-image-9801 size-full\" src=\"http:\/\/www.maria-koenigin.de\/wordpress\/wp-content\/uploads\/2021\/02\/couple-168191.jpg\" alt=\"\" width=\"640\" height=\"471\" srcset=\"http:\/\/www.maria-koenigin.de\/wordpress\/wp-content\/uploads\/2021\/02\/couple-168191.jpg 640w, http:\/\/www.maria-koenigin.de\/wordpress\/wp-content\/uploads\/2021\/02\/couple-168191-300x221.jpg 300w, http:\/\/www.maria-koenigin.de\/wordpress\/wp-content\/uploads\/2021\/02\/couple-168191-624x459.jpg 624w\" sizes=\"auto, (max-width: 640px) 100vw, 640px\" \/><\/p>\n<p><strong>Liebe macht lebendig &#8211; Gedanken zur Fastenzeit\u00a0<\/strong><\/p>\n<p style=\"text-align: justify;\">Lieben kann manchmal weh tun, aber es ist das einzige, was ich wei\u00df und wenn es schwer wird,\u00a0du wei\u00dft, es kann manchmal schwer werden,\u00a0dann ist sie die einzige Sache,\u00a0durch die wir uns lebendig f\u00fchlen!\u00a0Lieben kann heilen\u201c<\/p>\n<p style=\"text-align: justify;\">So formuliert Ed Sheeran in seinem Lied \u201ephotograph\u201c, das hier zu sehen und zu h\u00f6ren ist: https:\/\/youtu.be\/nSDgHBxUbVQ<\/p>\n<p style=\"text-align: justify;\">Genau darum geht es in der Fastenzeit und um nichts Anderes.<\/p>\n<p style=\"text-align: justify;\">Nicht um Selbstkasteiung oder Selbstgei\u00dfelung,\u00a0und schon gar nicht darum, dass etwas unbedingt weh tun muss, weil es sonst nichts wert ist,\u00a0sondern darum, darauf zu achten, wo ich liebe und wo nicht!<\/p>\n<p style=\"text-align: justify;\">Die Liebe im eigenen Leben in Beziehung zu meinen Mitmenschen, zur Sch\u00f6pfung, zu Gott und zu mir zu suchen.\u00a0\u00dcberall! Ohne Scheu und ohne Gnade!<\/p>\n<p style=\"text-align: justify;\">In der Asche meiner vergangenen und verbrannten M\u00f6glichkeiten, hinter all den allt\u00e4glichen Versuchungen, \u00fcber alle Abst\u00e4nde hinweg, in meinem Alltag und in der F\u00fclle jeder zuf\u00e4lligen Begegnung, im dauerhaften Frust \u00fcber festgefahrenen Strukturen und im Sekundengl\u00fcck der Espressotasse, in der k\u00f6rperlichen Lust genauso, wie im frommen Gebet, im bewussten Verzichten, beim gemeinsamen freundschaftlichen Essen und in der Einsamkeit.<\/p>\n<p style=\"text-align: justify;\">Auch wenn es manchmal weh tut!<\/p>\n<p style=\"text-align: justify;\">Denn Liebe ist die einzige Sache, die uns lebendig f\u00fchlen l\u00e4sst,\u00a0ach, was sage ich, die uns lebendig werden l\u00e4sst!\u00a040 Tage und ein ganzes Leben lang und weit dar\u00fcber hinaus!<\/p>\n<p style=\"text-align: justify;\">\u00dcberall! Ohne Scheu und voller Gnade!<\/p>\n<p style=\"text-align: justify;\"><em>Ansgar Kaufmann (in Anlehnung an einen Text von Wolfgang Metz)<\/em><\/p>\n<p>&nbsp;<\/p>\n<p style=\"text-align: justify;\">Mit kurzen Impulsen haben wir als Schulgemeinde Maria K\u00f6nigin den Advent und die Weihnachtszeit begleitet. Die Texte und Fotos stammen von Lehrerinnen und Lehrern, Sch\u00fclerinnen und Sch\u00fclern, Eltern, Ehemaligen und Personen, die mit uns verbunden sind.<\/p>\n<p style=\"text-align: justify;\">Sie sollten zu diesem besonderen Jahreswechsel 2020\/21 ein Beitrag sein,\u00a0 der Hoffnung macht und zum Innehalten einl\u00e4dt. Sie d\u00fcrfen auch gern weiterverbreitet werden.<\/p>\n<div dir=\"auto\">\n<p style=\"text-align: justify;\">Regina Schmidt gibt Erl\u00e4uterungen zur Epiphanie und zum Dreik\u00f6nigstag\u00a0 und nimm auch Bezug auf die traditionelle Schulsegnung durch die Sternsinger.<\/p>\n<p><img loading=\"lazy\" decoding=\"async\" class=\"alignright wp-image-9761 size-full\" style=\"margin-top: 0.857143rem; margin-bottom: 0.857143rem; margin-left: 1.71429rem;\" src=\"http:\/\/www.maria-koenigin.de\/wordpress\/wp-content\/uploads\/2020\/12\/Impuls-6.01.21-Foto-klein.jpg\" alt=\"\" width=\"640\" height=\"480\" srcset=\"http:\/\/www.maria-koenigin.de\/wordpress\/wp-content\/uploads\/2020\/12\/Impuls-6.01.21-Foto-klein.jpg 640w, http:\/\/www.maria-koenigin.de\/wordpress\/wp-content\/uploads\/2020\/12\/Impuls-6.01.21-Foto-klein-300x225.jpg 300w, http:\/\/www.maria-koenigin.de\/wordpress\/wp-content\/uploads\/2020\/12\/Impuls-6.01.21-Foto-klein-624x468.jpg 624w\" sizes=\"auto, (max-width: 640px) 100vw, 640px\" \/><\/p>\n<p style=\"text-align: justify;\"><strong>Schulsegnung und Epiphanie<\/strong><\/p>\n<p style=\"text-align: justify;\">Am 6. Januar feiern wir das Fest Epiphanie (<em>Das Aufscheinen Gottes vor allen V\u00f6lkern) <\/em>\u2013 im Volksmund auch als Dreik\u00f6nigstag bekannt. Ein beeindruckendes Fest! Der Evangelist Matth\u00e4us berichtet von Sterndeutern aus dem Osten, die einem Stern gefolgt sind und dem neugeborenen K\u00f6nig huldigen wollen. Die drei kostbaren Geschenke Gold, Weihrauch und Myrrhe waren letztlich ausschlaggebend daf\u00fcr, dass aus den Sterndeutern in der Tradition der Kirche die Heiligen Drei K\u00f6nige wurden. Drei kostbare Geschenke, so etwas konnten sich nur K\u00f6nige leisten. Im Mittelalter haben K\u00fcnstler diese dann in drei verschiedenen Lebensaltern (J\u00fcngling, Erwachsener und Greis) und als Vertreter der damals bekannten Kontinente (Afrika,<\/p>\n<p style=\"text-align: justify;\"><span style=\"font-size: 1rem;\"><br \/>\nVor \u00fcber 60 Jahren hat das Kindermissionswerk die Aktion \u201eDreik\u00f6nigssingen\u201c ins Leben gerufen hat. Kinder, in K\u00f6nigsgew\u00e4nder gekleidet, ziehen von Haus zu Haus und bringen den Bewohnern den Segen f\u00fcr das neue Jahr. Dabei bitten sie um eine Spende f\u00fcr Kinder in Not. Das ist weltweit die gr\u00f6\u00dfte Solidarit\u00e4tsaktion von Kindern f\u00fcr Kinder.<\/span>Asien und Europa) dargestellt. Die Aussage, die damit verbunden ist, liegt auf der Hand: Jedem Menschen, egal welcher Hautfarbe, welchen Alters und auch welchen Glaubens (die Sterndeuter kamen aus heidnischen Gebieten!) ist Gott im kleinen Kind in der Krippe erschienen. Diese Botschaft tr\u00e4gt bis heute \u2013 ausnahmslos f\u00fcr jeden von uns. Aber: verstehen wir die Botschaft heute noch? Wir m\u00fcssen uns immer wieder neu auf den Weg machen und nach dem Stern Ausschau halten! In einem Dreik\u00f6nigslied aus dem 19. Jh. hei\u00dft es: \u201e\u2026 O Menschenkind! Halte treulich Schritt! Die K\u00f6n\u2019ge wandern, o wandre mit. Der Stern der Liebe, der Gnade Stern, erhelle dein Ziel, so du suchst den Herrn und fehlen Weihrauch, Myrrhen und Gold, schenke dein Herz dem Kn\u00e4blein hold! Schenk\u2018 ihm dein Herz!\u201c Das k\u00f6nnte uns gelingen: einem kleinen, unschuldigen, neugeborenen Kind unser Herz zu schenken \u2013 es ins Herz zu schlie\u00dfen. Dann aber auch mit allen Konsequenzen?!<\/p>\n<p style=\"text-align: justify;\">In Anlehnung an die Sternsingeraktion haben wir seit einigen Jahren an unserer Schule die Haussegnung etabliert. Zwei Gruppen von Sch\u00fcler*innen aus der Jahrgangsstufe 6 ziehen in Begleitung eines\/einer Religionslehrer*in durch alle Klassen der Schule und bringen den Sch\u00fcler*innen und Lehrer*innen den Segen Gottes. Dabei darf der Weihrauch nat\u00fcrlich nicht fehlen!<\/p>\n<p style=\"text-align: justify;\">Coronabedingt kann die Haussegnung in der bew\u00e4hrten Form in diesem Jahr leider nicht stattfinden. Deshalb an dieser Stelle die letzte Strophe unseres Haussegnungstextes, die der Sterntr\u00e4ger spricht:<\/p>\n<p>Als Sterntr\u00e4ger bleibt mir das letzte Wort.<\/p>\n<p>Lebt friedlich und freundlich an diesem Ort!<\/p>\n<p>Wir bringen euch heut dazu Gottes Segen,<\/p>\n<p>Gott bleibe bei euch auf all euren Wegen.<\/p>\n<p>M\u00f6ge Gott uns im neuen Jahr segnen und beh\u00fcten!<\/p>\n<p>Regina Schmidt<\/p>\n<p>&nbsp;<\/p>\n<\/div>\n<div dir=\"auto\"><strong>Das magische Engelshaar <\/strong><\/div>\n<div dir=\"auto\">F\u00fcr den heutigen Impuls hat Emilia Marx aus der Klasse 5a eine kurze Weihnachtsgeschichte geschrieben:<\/div>\n<div dir=\"auto\"><\/div>\n<div dir=\"auto\"><img loading=\"lazy\" decoding=\"async\" class=\"alignright wp-image-9755 size-full\" src=\"http:\/\/www.maria-koenigin.de\/wordpress\/wp-content\/uploads\/2020\/12\/Impuls-4.01.21-Foto-klein.jpg\" alt=\"\" width=\"640\" height=\"425\" srcset=\"http:\/\/www.maria-koenigin.de\/wordpress\/wp-content\/uploads\/2020\/12\/Impuls-4.01.21-Foto-klein.jpg 640w, http:\/\/www.maria-koenigin.de\/wordpress\/wp-content\/uploads\/2020\/12\/Impuls-4.01.21-Foto-klein-300x199.jpg 300w, http:\/\/www.maria-koenigin.de\/wordpress\/wp-content\/uploads\/2020\/12\/Impuls-4.01.21-Foto-klein-624x414.jpg 624w\" sizes=\"auto, (max-width: 640px) 100vw, 640px\" \/><\/div>\n<div dir=\"auto\">\n<div class=\"kvgmc6g5 cxmmr5t8 oygrvhab hcukyx3x c1et5uql ii04i59q\">\n<div dir=\"auto\"><\/div>\n<\/div>\n<div class=\"o9v6fnle cxmmr5t8 oygrvhab hcukyx3x c1et5uql ii04i59q\">\n<div dir=\"auto\" style=\"text-align: justify;\">Das magische Engelshaar<\/div>\n<div dir=\"auto\" style=\"text-align: justify;\">In der Nacht war Schnee gefallen und es hatte gefroren. Der kleine Zeitungsbote zog sich heute besonders warm an. Traurig betrachtete er seine Handschuhe. \u00dcberall waren L\u00f6cher und so waren nicht alle Finger bedeckt.<\/div>\n<div dir=\"auto\" style=\"text-align: justify;\">W\u00e4hrend er die Zeitung verteilte, glitzerte etwas Silbernes im Schnee. \u201eEngelshaar\u201c, sagte er and\u00e4chtig. Er wickelte das Haar um den Finger, der am meisten fror. Seine Finger wurden warm. Pl\u00f6tzlich sah der kleine Zeitungsbote die M\u00fcllfahrerin, die ihre Hand in der Jacke versteckte. \u201eFrierst du?\u201c, fragte der kleine Zeitungsbote. \u201eJa, sehr!\u201c, antwortete die M\u00fcllfahrerin traurig.<\/div>\n<div dir=\"auto\" style=\"text-align: justify;\">Der Junge z\u00f6gerte ein bisschen, doch beschloss dann, das Engelshaar der M\u00fcllfahrerin zu geben. \u201eHier, nimm das, dann frierst du nicht mehr!\u201c, sagte der Junge. \u201eWas ist das?\u201c, fragte die M\u00fcllfahrerin. \u201eEngelshaar! Wickel das um deinen Finger, dann frierst du nicht mehr\u201c, sagte der Zeitungsbote l\u00e4ssig. Die M\u00fcllfahrerin wickelte den Faden um ihren Finger und wurde sofort gl\u00fccklich. \u201eDanke!\u201c, sagte sie so fr\u00f6hlich wie noch nie.<\/div>\n<div dir=\"auto\" style=\"text-align: justify;\">Aber die H\u00e4nde vom Jungen wurden nicht kalt, sondern noch hei\u00dfer! Beide waren wunschlos gl\u00fccklich. Engelshaar hat eben wunderbare Kraft.<\/div>\n<div dir=\"auto\" style=\"text-align: justify;\"><\/div>\n<div dir=\"auto\" style=\"text-align: right;\">Emilia Marx , Klasse 5a<\/div>\n<\/div>\n<\/div>\n<div dir=\"auto\"><\/div>\n<div dir=\"auto\"><\/div>\n<div dir=\"auto\"><\/div>\n<div dir=\"auto\"><\/div>\n<div dir=\"auto\"><\/div>\n<div dir=\"auto\" style=\"text-align: justify;\">Zum Jahreswechsel haben wir Alexander Sieler vom Jugendnetzwerk Tabor, mit dem wir eng zusammenarbeiten, um einen Impuls gebeten.<\/div>\n<div dir=\"auto\" style=\"text-align: justify;\"><\/div>\n<p style=\"text-align: justify;\"><strong>Impuls zum Jahreswechsel\u00a0<\/strong><\/p>\n<p style=\"text-align: justify;\"><em>in Anlehnung an Lk 2, 16\u201321<\/em><\/p>\n<p style=\"text-align: justify;\"><img loading=\"lazy\" decoding=\"async\" class=\"alignright wp-image-9746 size-full\" src=\"http:\/\/www.maria-koenigin.de\/wordpress\/wp-content\/uploads\/2020\/12\/Impuls-31.12.-Foto-klein.jpg\" alt=\"\" width=\"640\" height=\"427\" srcset=\"http:\/\/www.maria-koenigin.de\/wordpress\/wp-content\/uploads\/2020\/12\/Impuls-31.12.-Foto-klein.jpg 640w, http:\/\/www.maria-koenigin.de\/wordpress\/wp-content\/uploads\/2020\/12\/Impuls-31.12.-Foto-klein-300x200.jpg 300w, http:\/\/www.maria-koenigin.de\/wordpress\/wp-content\/uploads\/2020\/12\/Impuls-31.12.-Foto-klein-624x416.jpg 624w\" sizes=\"auto, (max-width: 640px) 100vw, 640px\" \/>Hast du bereits Ideen f\u00fcrs neue Jahr? Vors\u00e4tze, Pl\u00e4ne, W\u00fcnsche, Tr\u00e4ume, Visionen, Hoffnungen? Sie sind Grundsteine jeder Entwicklung. Ich bin sicher: Gott kann auch in einer guten Idee oder einem Geistesblitz in uns Mensch werden.<\/p>\n<p style=\"text-align: justify;\">Hast du dich schonmal gefragt, wie man mit Ideen am besten umgehen kann?<\/p>\n<p style=\"text-align: justify;\">Ein Blick auf die Krippe hilft uns:<\/p>\n<p style=\"text-align: justify;\">Da sind zum einen die <strong>Hirten<\/strong>: die lassen sofort alles liegen und stehen und <em>eilen<\/em> nach Betlehem, <em>erz\u00e4hlen <\/em>sofort jedem vom Jesuskind.<\/p>\n<p style=\"text-align: justify;\">Manchmal m\u00f6chten unsere Gef\u00fchle, Ideen und Erfahrungen einfach raus.\u00a0Ich m\u00f6chte sie sofort umsetzen.\u00a0Da ist pl\u00f6tzlich Energie und Ausdauer, sie auch umzusetzen.<\/p>\n<p style=\"text-align: justify;\">Wie weit w\u00fcrdest du gehen f\u00fcr deine Ideen? Wie weit laufen und wem alles davon erz\u00e4hlen?<\/p>\n<p style=\"text-align: justify;\">Das Erz\u00e4hlen hilft zum Sch\u00e4rfen einer Idee, aber auch, um Menschen mitzurei\u00dfen.\u00a0Und die Hirten erinnern uns keine Angst vor Ablehnung zu haben. Die Ergriffenheit gibt keinen Platz f\u00fcr Mutlosigkeit.<\/p>\n<p style=\"text-align: justify;\">Und dann ist da noch <strong>Maria<\/strong>. Sie macht anscheinend genau das Gegenteil:\u00a0\u201eMaria\u201c \u2013 so hei\u00dft es da \u2013 \u201ebewahrte alles und bewegte es in ihrem Herzen\u201c<\/p>\n<p style=\"text-align: justify;\">Ideen kommen nicht auf Kommando.\u00a0Sie wollen entstehen und wachsen. Das darf Zeit brauchen.\u00a0Doch diese Phase ist kein Stillstand, kein Einfrieren \u2013 denn das f\u00fchrt zu keiner Ver\u00e4nderung. Auch Maria h\u00e4lt nichts fest, auch bei ihr findet \u2013 wenn wir genau hinschauen \u2013 Bewegung statt. \u201eSie bewegte es in ihrem Herzen\u201c\u00a0Eine Idee kann mich begleiten, ab und zu \u201ehochkommen\u201c,\u00a0sich ver\u00e4ndern, sich weiterentwickeln.\u00a0Ich kann sie mit ins Gebet nehmen. Ideen sollten durch Kopf und Herz gehen.<\/p>\n<p style=\"text-align: justify;\">Und da ist nichts still und unbeweglich.\u00a0Es ist dynamisch.\u00a0Nichts ist st\u00e4rker als eine Idee, deren Zeit gekommen ist!<\/p>\n<p style=\"text-align: justify;\">Hast du noch keine Idee f\u00fcr dieses Jahr?\u00a0Dann keine Angst: Ideen kommen, wenn du gehst! Denn die Botschaft der Krippe bleibt: Ideen, Tr\u00e4ume und Inspirationen \u2013 sie brauchen Bewegung.<\/p>\n<p style=\"text-align: justify;\">In diesem Sinne: w\u00fcnsche ich dir ein bewegtes und bewegendes neues Jahr 2021!<\/p>\n<p style=\"text-align: justify;\"><strong>Zum Fest der Heiligen Familie haben wir Pater Egon F\u00e4rber MSF um einen Impuls gebeten<\/strong><\/p>\n<p style=\"text-align: justify;\"><strong>Heilige Familie<\/strong><\/p>\n<p style=\"text-align: justify;\"><img loading=\"lazy\" decoding=\"async\" class=\"alignnone wp-image-9741 size-full\" src=\"http:\/\/www.maria-koenigin.de\/wordpress\/wp-content\/uploads\/2020\/12\/Impuls-29.12.-Foto-klein.jpg\" alt=\"\" width=\"640\" height=\"951\" srcset=\"http:\/\/www.maria-koenigin.de\/wordpress\/wp-content\/uploads\/2020\/12\/Impuls-29.12.-Foto-klein.jpg 640w, http:\/\/www.maria-koenigin.de\/wordpress\/wp-content\/uploads\/2020\/12\/Impuls-29.12.-Foto-klein-202x300.jpg 202w, http:\/\/www.maria-koenigin.de\/wordpress\/wp-content\/uploads\/2020\/12\/Impuls-29.12.-Foto-klein-624x927.jpg 624w\" sizes=\"auto, (max-width: 640px) 100vw, 640px\" \/>Gleich am ersten Sonntag nach Weihnachten ist das Fest der Heiligen Familie von Nazareth, das Fest von Jesus, Maria und Josef. Vor einigen Jahren hat mich ein Bild von der Heiligen Familie sehr beeindruckt. Es ist kein Kunstwerk von D\u00fcrer oder Riemenschneider oder Michelangelo. Und doch verbinde ich sehr viel mit dieser Darstellung. Als ich von Rom aus unsere Mitbr\u00fcder, die Missionare von der Heiligen Familie in Chile besuchte, traf ich den alten Pater Juan van Bergenhenegouwen.<\/p>\n<p style=\"text-align: justify;\">Er stammte aus Holland. Eines Abends erz\u00e4hlte er mir, dass er bei seinen Missionsreisen immer einige Filzstifte bei sich hat: schwarz, rot, blau, gr\u00fcn, gelb\u2026 Wenn er ein interessantes Motiv fand, dann nahm er sich Zeit, dieses auf seine Art zu malen. Er sagte, dass er bei einer seiner Missionsreisen im Norden von Chile, in der w\u00fcsten\u00e4hnlichen Landschaft von Antofagaste, ein kleines Kapellchen entdeckt habe, das von den armen Steppenbewohnern errichtet worden war. Und in diesem armen Kapellchen sah er zu seinem gro\u00dfen Erstaunen ein Bild von Jesus, Maria und Josef, den Schutzpatronen unserer Ordensgemeinschaft, ganz typisch gemalt in der Vorstellung dieser einfachen Leute in Chile. Nat\u00fcrlich holte er sofort seine Filzstifte und den alten Zeichenblock heraus und malte das Motiv auf seine Art und Weise.<\/p>\n<p style=\"text-align: justify;\">Fabelhaft hat er es verstanden, Luft und Erde nur mit lustigen Kringeln darzustellen.<\/p>\n<p style=\"text-align: justify;\">Das Original schenkte er mir. Ich nahm es mit nach Rom und dort befindet es sich nun in einem Institut f\u00fcr Missionswissenschaften.<\/p>\n<p style=\"text-align: justify;\">Warum bedeutet mir dieses Bild so viel? Einmal, weil mich die Begegnung mit dem alten Padre Juan so beeindruckt hat. Zum andern, weil die Heilige Familie ganz in der damaligen Vorstellungswelt der Menschen in Chile dargestellt ist. Man nennt das heute in der Missionsgeschichte \u201eInkulturation\u201c, das hei\u00dft: Der christliche Glaube ist ganz in die Kultur und Vorstellungwelt dieses Volkes hinein gewachsen, inkulturiert.<\/p>\n<p style=\"text-align: justify;\">Man erkennt nicht auf den ersten Blick, dass hier Josef, Maria und der zw\u00f6lfj\u00e4hrige Jesus gemeint sind. Die drei sehen aus wie eine ganz normale chilenische Familie vor etwa dreihundert Jahren, die unterwegs sind zu einer Wallfahrt.<\/p>\n<p style=\"text-align: justify;\">Kann diese Darstellung von der Heiligen Familie heute unseren Familien etwas sagen? Ich glaube ja. Vielleicht dies: Als Familie gemeinsam unterwegs sein in guten und in schweren Zeiten. Einander Ermutigung und Hilfe schenken und unter dem Segen Gottes zuversichtlich den Weg in die Zukunft gehen.<\/p>\n<p style=\"text-align: right;\"><em>Pater Egon F\u00e4rber MSF<\/em><\/p>\n<p>&nbsp;<\/p>\n<div class=\"kvgmc6g5 cxmmr5t8 oygrvhab hcukyx3x c1et5uql ii04i59q\" style=\"text-align: justify;\"><\/div>\n<p style=\"text-align: justify;\"><strong><img loading=\"lazy\" decoding=\"async\" class=\"alignright wp-image-9736 size-full\" src=\"http:\/\/www.maria-koenigin.de\/wordpress\/wp-content\/uploads\/2020\/12\/Impuls-23.12.-Foto-klein.jpg\" alt=\"\" width=\"640\" height=\"719\" srcset=\"http:\/\/www.maria-koenigin.de\/wordpress\/wp-content\/uploads\/2020\/12\/Impuls-23.12.-Foto-klein.jpg 640w, http:\/\/www.maria-koenigin.de\/wordpress\/wp-content\/uploads\/2020\/12\/Impuls-23.12.-Foto-klein-267x300.jpg 267w, http:\/\/www.maria-koenigin.de\/wordpress\/wp-content\/uploads\/2020\/12\/Impuls-23.12.-Foto-klein-624x701.jpg 624w\" sizes=\"auto, (max-width: 640px) 100vw, 640px\" \/>Freude schenken<\/strong><\/p>\n<p style=\"text-align: justify;\">Alle Jahre wieder die gleiche Frage: <em>Was schenke ich blo\u00df?<\/em><\/p>\n<p style=\"text-align: justify;\">Die Weihnachtszeit ist auch die Zeit der Geschenke. Schenken ist sch\u00f6n &#8211; nicht nur f\u00fcr den, der etwas bekommt. Auch der Schenkende hat etwas davon, wenn sich die andere Person \u00fcber das Geschenk freut. Dabei geht es nicht unbedingt um den materiellen Wert. Vor allem die Gedanken, Zeit und Energie, die jemand sp\u00fcrbar in das Geschenk investiert hat, machen den Wert aus.<\/p>\n<p style=\"text-align: justify;\">Angefangen bei einer sch\u00f6nen Verpackung oder gebastelten Weihnachtskarte bis hin zum Verschenken selbstgebackener Kekse oder eines Gutscheins f\u00fcr gemeinsame Zeit \u2013 in alldem zeigt sich der wahre Wert des Geschenks.<\/p>\n<p style=\"text-align: justify;\">Nutzt doch die letzten Tage, um eure Geschenke an Mama, Papa, Oma oder Opa aufzuwerten! Auch eine Postkarte mit guten W\u00fcnschen ist in der aktuellen Zeit ein besonderer Mutmacher!<\/p>\n<p style=\"text-align: right;\"><em>Christina Kemper <\/em><\/p>\n<p>&nbsp;<\/p>\n<p style=\"text-align: justify;\"><strong>Geduld \u2013 nicht nur im Advent<\/strong><\/p>\n<p><strong><img loading=\"lazy\" decoding=\"async\" class=\"alignright wp-image-9722\" style=\"margin-top: 0.857143rem; margin-bottom: 0.857143rem; margin-left: 1.71429rem;\" src=\"http:\/\/www.maria-koenigin.de\/wordpress\/wp-content\/uploads\/2020\/12\/Impuls-22.12.-Foto-klein.jpg\" alt=\"\" width=\"624\" height=\"468\" srcset=\"http:\/\/www.maria-koenigin.de\/wordpress\/wp-content\/uploads\/2020\/12\/Impuls-22.12.-Foto-klein.jpg 640w, http:\/\/www.maria-koenigin.de\/wordpress\/wp-content\/uploads\/2020\/12\/Impuls-22.12.-Foto-klein-300x225.jpg 300w, http:\/\/www.maria-koenigin.de\/wordpress\/wp-content\/uploads\/2020\/12\/Impuls-22.12.-Foto-klein-624x468.jpg 624w\" sizes=\"auto, (max-width: 624px) 100vw, 624px\" \/><\/strong><\/p>\n<p style=\"text-align: justify;\">Als Kind war der Advent eine \u00dcbung in Geduld; vers\u00fc\u00dft durch den Adventskalender, jeden Tag zu sehen an dem Zustand der Kerzen auf dem Adventskranz: Oh, erst die erste Kerze, noch drei Wochen&#8230;<\/p>\n<p style=\"text-align: justify;\">Heute habe ich andere \u00dcbungsfelder: z.B. ein Kunstprojekt; oder Sch\u00fcler*innen, die meine \u201eselbstverst\u00e4ndlich gro\u00dfartigen und anschaulichen Erkl\u00e4rungen&#8220; partout nicht verstehen wollen&#8230;<\/p>\n<p style=\"text-align: justify;\">Geduld hei\u00dft: Auch die Langsamen gelten lassen, f\u00fcr die Leistung nicht ein Koeffizient aus Zeit und M\u00fche ist.<\/p>\n<p style=\"text-align: justify;\">Geduld bedeutet: Freude am gegenw\u00e4rtigen Prozess haben, nicht schon an das n\u00e4chste Projekt denken: Und was mache ich dann? Und dann?<\/p>\n<p style=\"text-align: justify;\">Geduld hei\u00dft entsprechend: Freude auch an der gegenw\u00e4rtigen Zeit haben, sie nicht \u00fcberspringen wollen, auch wenn sie vielleicht nicht viel verspricht: \u201eDas bringe ich noch schnell hinter mich, dann darf ich etwas Sch\u00f6nes machen.\u201c (Ganz schwere \u00dcbung! Klappt nur selten.)<\/p>\n<p style=\"text-align: justify;\">Geduld hei\u00dft aber auch sich widmen: einem Menschen, einer Sache, einem Ziel; vielleicht besser einer Vorstellung von einem Ziel, von dem ich noch gar nicht wei\u00df, wie es aussehen k\u00f6nnte. Dann ist es keine \u201eSchafsgeduld\u201c. Denn Geduld bedeutet nicht einfach Abwarten und Stillhalten, sondern auch Vertiefung und Beobachtung und dann wird Geduld konstruktiv und es entsteht etwas Neues, das Intensit\u00e4t in sich tr\u00e4gt und ausstrahlt.<\/p>\n<p style=\"text-align: justify;\">Geduld hei\u00dft auch: scheitern k\u00f6nnen und neu anfangen: Dann eben nochmal von vorn&#8230;bestimmt klappt es jetzt besser; ein paar Fehlerquellen kenne ich ja schon. Die sind jetzt ausgeschaltet \u2013 vielleicht.<\/p>\n<p style=\"text-align: justify;\">Besonders schwer ist es f\u00fcr mich, Geduld mit den Ungelduldigen zu haben, vielleicht weil ich selber nicht in allen Lebensbereichen geduldig bin.<\/p>\n<p style=\"text-align: justify;\">Man spricht auch von Engelsgeduld. Wieso eigentlich? Vielleicht weil Engel unsterblich sind und alle Zeit der Welt haben? Die haben wir Menschen nicht und deshalb ist mir Ungeduld gar nicht fremd; um so wichtiger sind die \u00dcbungsfelder, damit ich mich nicht selbst \u00fcberspringe.<\/p>\n<p style=\"text-align: justify;\">Mit den Engeln kommen wir Weihnachten schon wieder n\u00e4her: Wir brauchen Geduld auch im Bezug auf das weihnachtliche Versprechen der Engel von \u201eFriede auf Erden und den Menschen ein Wohlgefallen&#8220; (Lukas 2;14).<\/p>\n<p style=\"text-align: justify;\">H\u00e4tten wir denn alle mehr konstruktive Geduld mit einander, k\u00f6nnten wir mehr Freude aus diesem Versprechen sch\u00f6pfen.<\/p>\n<p style=\"text-align: right;\"><em>Marlene Skala<\/em><\/p>\n<p><strong>Hanna Reuber buchstabiert die Adventszeit<\/strong><\/p>\n<p><strong><img loading=\"lazy\" decoding=\"async\" class=\"alignright wp-image-9727 size-full\" src=\"http:\/\/www.maria-koenigin.de\/wordpress\/wp-content\/uploads\/2020\/12\/Impuls-20.12.-Foto-nur-klein.jpg\" alt=\"\" width=\"640\" height=\"685\" srcset=\"http:\/\/www.maria-koenigin.de\/wordpress\/wp-content\/uploads\/2020\/12\/Impuls-20.12.-Foto-nur-klein.jpg 640w, http:\/\/www.maria-koenigin.de\/wordpress\/wp-content\/uploads\/2020\/12\/Impuls-20.12.-Foto-nur-klein-280x300.jpg 280w, http:\/\/www.maria-koenigin.de\/wordpress\/wp-content\/uploads\/2020\/12\/Impuls-20.12.-Foto-nur-klein-624x668.jpg 624w\" sizes=\"auto, (max-width: 640px) 100vw, 640px\" \/>Adventszeit\u00a0<\/strong><\/p>\n<p><img loading=\"lazy\" decoding=\"async\" class=\"alignright wp-image-9729 size-full\" src=\"http:\/\/www.maria-koenigin.de\/wordpress\/wp-content\/uploads\/2020\/12\/Impuls-18.12.-Foto-klein-1.jpg\" alt=\"\" width=\"640\" height=\"905\" srcset=\"http:\/\/www.maria-koenigin.de\/wordpress\/wp-content\/uploads\/2020\/12\/Impuls-18.12.-Foto-klein-1.jpg 640w, http:\/\/www.maria-koenigin.de\/wordpress\/wp-content\/uploads\/2020\/12\/Impuls-18.12.-Foto-klein-1-212x300.jpg 212w, http:\/\/www.maria-koenigin.de\/wordpress\/wp-content\/uploads\/2020\/12\/Impuls-18.12.-Foto-klein-1-624x882.jpg 624w\" sizes=\"auto, (max-width: 640px) 100vw, 640px\" \/><\/p>\n<p>&nbsp;<\/p>\n<p>&nbsp;<\/p>\n<p style=\"text-align: justify;\"><strong>Adventszeit\u00a0\u00a0\u00a0\u00a0\u00a0\u00a0\u00a0\u00a0\u00a0\u00a0\u00a0\u00a0\u00a0 <\/strong>\u00a0 \u00a0 \u00a0 \u00a0 \u00a0 \u00a0 \u00a0 \u00a0 \u00a0 \u00a0 \u00a0 \u00a0 \u00a0 \u00a0 \u00a0 \u00a0 \u00a0 \u00a0 \u00a0 \u00a0 \u00a0 \u00a0 \u00a0 \u00a0 \u00a0 \u00a0 \u00a0 \u00a0 \u00a0 \u00a0 \u00a0 \u00a0 \u00a0 \u00a0 \u00a0 \u00a0 \u00a0 \u00a0 \u00a0 \u00a0 \u00a0 \u00a0 \u00a0 \u00a0 \u00a0 \u00a0 \u00a0 \u00a0 \u00a0 \u00a0 \u00a0 \u00a0 \u00a0 \u00a0 \u00a0 \u00a0 \u00a0 \u00a0 \u00a0 \u00a0 normalerweise eine stressige Zeit.\u00a0 \u00a0 \u00a0 \u00a0 \u00a0 \u00a0 \u00a0 \u00a0 \u00a0 \u00a0 \u00a0 \u00a0 \u00a0 \u00a0 \u00a0 \u00a0 \u00a0 \u00a0 \u00a0 \u00a0 \u00a0 \u00a0 \u00a0 \u00a0 \u00a0 \u00a0 \u00a0 \u00a0 \u00a0 \u00a0 \u00a0 \u00a0 \u00a0 \u00a0 \u00a0 \u00a0 \u00a0 \u00a0 \u00a0 \u00a0 \u00a0 \u00a0 \u00a0 \u00a0 \u00a0 \u00a0 \u00a0 \u00a0 \u00a0 \u00a0 \u00a0 \u00a0 \u00a0 \u00a0 \u00a0 Geschenke kaufen, kurz vor Weihnachten die letzten Erledigungen besorgen. Eben stressig, f\u00fcr die Erwachsenen, aber nicht f\u00fcr die Kinder. F\u00fcr Kinder ist der Advent nicht stressig, sondern eine Zeit voll Wunder und Zauber. Meine Adventszeit als Kind war immer geschm\u00fcckt mit zahlreichen Ereignissen, wie Pl\u00e4tzchen backen, Adventskranz binden, den Weihnachtsbaum schm\u00fccken und nat\u00fcrlich Weihnachtsfilme oder -serien schauen. All diese Dinge haben etwas gemeinsam, nicht dass sie im Advent stattfinden, sondern dass es Dinge sind, die ich mit der Familie gemacht habe. Desto \u00e4lter ich wurde, desto weniger Zeit hatte ich f\u00fcr all das, desto mehr vergesse ich was ich als kleines Kind so an der Adventszeit geliebt habe. Gerade in diesem Jahr sollten wir versuchen uns auch an den kleinen unscheinbaren Dingen zu erfreuen, wie einen sch\u00f6nen Abend mit der Familie oder den Geruch von frisch gebackenen Weihnachtspl\u00e4tzchen. Einfach Zeit nehmen und sich erinnern, so k\u00f6nnen wir diesen Zauber, den wir als kleines Kind gesp\u00fcrt haben und woran wir uns erfreut haben, auch heute in unsere Zeit mit einbinden.<\/p>\n<p style=\"text-align: right;\"><em>Lena Hoppe Q1<\/em><\/p>\n<p><strong>Engel sein <\/strong><\/p>\n<p><img loading=\"lazy\" decoding=\"async\" class=\"alignnone wp-image-9687 size-full\" src=\"http:\/\/www.maria-koenigin.de\/wordpress\/wp-content\/uploads\/2020\/12\/Impuls-16.12.-Foto.jpg\" alt=\"\" width=\"640\" height=\"646\" srcset=\"http:\/\/www.maria-koenigin.de\/wordpress\/wp-content\/uploads\/2020\/12\/Impuls-16.12.-Foto.jpg 640w, http:\/\/www.maria-koenigin.de\/wordpress\/wp-content\/uploads\/2020\/12\/Impuls-16.12.-Foto-297x300.jpg 297w, http:\/\/www.maria-koenigin.de\/wordpress\/wp-content\/uploads\/2020\/12\/Impuls-16.12.-Foto-150x150.jpg 150w, http:\/\/www.maria-koenigin.de\/wordpress\/wp-content\/uploads\/2020\/12\/Impuls-16.12.-Foto-624x630.jpg 624w\" sizes=\"auto, (max-width: 640px) 100vw, 640px\" \/><\/p>\n<p style=\"text-align: justify;\">Tag ein Tag aus immer das gleiche Spiel. Gerade jetzt in dieser schwierigen Zeit fehlt der Ausgleich. Nebens\u00e4chlichkeiten ersch\u00f6pfen uns. Der Alltag raubt Kraft und Mut. Manchmal scheint es kein Entrinnen zu geben. Doch begleiten uns die Engel des Alltags, die uns Kraft, Geborgenheit und Sicherheit schenken.<br \/>\nSie tr\u00f6sten Einsame undTraurige, f\u00fchlen mit uns, weinen und freuen sich mit uns. Sie helfen uns Steine aus dem Weg zu r\u00e4umen, wieder aufzustehen und weiterzugehen. Sie schenken uns Licht und Liebe an dunklen Tagen.<br \/>\nSie bringen uns Freude, neue Energie und Zuversicht. Oft erkennen wir sie nicht, nehmen ihre Geschenke als selbstverst\u00e4ndlich wahr, doch begleiten sie uns stets in unserem Leben. Lasst uns jenen danken, die uns tagt\u00e4glich unterst\u00fctzen, f\u00fchren, f\u00fcr uns k\u00e4mpfen und den Alltag versch\u00f6nern. Werden wir selbst zu Alltagsengeln f\u00fcr andere und schenken N\u00e4he, Trost, Zuversicht und Liebe.<br \/>\nDenn wir alle k\u00f6nnen Engel ohne Fl\u00fcgel sein.<\/p>\n<p style=\"text-align: right;\"><em>Enya Klement (Q2)<\/em><\/p>\n<p><strong>Besinnliche Adventszeit<\/strong><\/p>\n<p><img loading=\"lazy\" decoding=\"async\" class=\"alignnone size-full wp-image-9673\" src=\"http:\/\/www.maria-koenigin.de\/wordpress\/wp-content\/uploads\/2020\/12\/Impuls-13.12.-Foto.jpg\" alt=\"\" width=\"640\" height=\"638\" srcset=\"http:\/\/www.maria-koenigin.de\/wordpress\/wp-content\/uploads\/2020\/12\/Impuls-13.12.-Foto.jpg 640w, http:\/\/www.maria-koenigin.de\/wordpress\/wp-content\/uploads\/2020\/12\/Impuls-13.12.-Foto-300x300.jpg 300w, http:\/\/www.maria-koenigin.de\/wordpress\/wp-content\/uploads\/2020\/12\/Impuls-13.12.-Foto-150x150.jpg 150w, http:\/\/www.maria-koenigin.de\/wordpress\/wp-content\/uploads\/2020\/12\/Impuls-13.12.-Foto-624x622.jpg 624w\" sizes=\"auto, (max-width: 640px) 100vw, 640px\" \/><\/p>\n<p style=\"text-align: justify;\">Letztes Jahr hatte ich mir Tage lang vorgenommen, Weihnachtspl\u00e4tzchen zu backen. Aber irgendwie kam ich nie dazu. Neben Weihnachtsfeiern, perfekter Weihnachtsdekoration, nebenbei Geschenke kaufen und einpacken sowie Weihnachtskarten verschicken, kam diese weihnachtliche Tradition einfach zu kurz.<\/p>\n<p style=\"text-align: justify;\">Wer kennt sie nicht? Die besinnliche Adventszeit. Sie zeichnet sich aus durch viele, kleine Br\u00e4uche auf die wir uns ein Jahr lang freuen. Aber darin liegt auch das Problem: In ihrer Summe sind diese Kleinigkeiten dann zu viel und sind dann so gar nicht mehr auf Besinnlichkeit zur\u00fcckzuf\u00fchren.<\/p>\n<p style=\"text-align: justify;\">Dabei wollen wir doch nur, dass alles perfekt ist am Heiligen Abend: ein leckeres Essen, Kerzenschimmer und ein \u00fcppig geschm\u00fcckter, dicht gewachsener Weihnachtsbaum. Schlie\u00dflich ist es &#8211; neben Ostern und Pfingsten &#8211; das Hauptfest im Kirchenjahr. Da ist der Wunsch nach Perfektion absolut legitim.<\/p>\n<p style=\"text-align: justify;\">Vielleicht liegt das aber auch nur an unserem modernen Verst\u00e4ndnis \u00fcber Familienzusammenk\u00fcnfte und dem Wesen des Menschen, sich st\u00e4ndig mit anderen vergleichen zu wollen. Denn an Weihnachten feiern wir urspr\u00fcnglich die Geburt Jesu, die Menschwerdung Gottes. Er kommt nicht in einem warmen Wohnzimmer auf die Welt, in welchem k\u00f6niglich gespeist wird. Nein, er kommt in einer kalten Nacht in einem Stall zu Welt, nachdem Maria eine anstrengende Reise von Nazareth nach Bethlehem hinter sich hatte. Das ist unserem Verst\u00e4ndnis nach alles andere als perfekt. Umso mehr z\u00e4hlt doch der Umstand, dass seine Geburt Gottes Liebe, Gnade und Barmherzigkeit auf die Welt unter die Menschen brachte. Gott hilft uns auch heute allgegenw\u00e4rtig und unerm\u00fcdlich im Alltag. Auch dann, wenn wir nicht perfekt handeln und denken.<\/p>\n<p style=\"text-align: justify;\">Die magische Weihnachtsatmosph\u00e4re, ja der Zauber der Weihnacht, wird uns somit auch erreichen, wenn wir von dem Zwang der Perfektion Abstand nehmen. Ein Fest mit einem kahleren Weihnachtsbaum, einem zu s\u00fc\u00dfen Nachtisch oder einem nicht ganz so ordentlich und prunkvoll eingepackten Geschenk offenbart die Weihnachtsgeschichte vielleicht umso mehr.<\/p>\n<p style=\"text-align: right;\">Hanna Reuber<\/p>\n<p><strong>Pl\u00e4tzchen backen zur Weihnachtszeit \u2013 Eine lange Tradition<\/strong><\/p>\n<p><img loading=\"lazy\" decoding=\"async\" class=\"alignnone size-full wp-image-9663\" src=\"http:\/\/www.maria-koenigin.de\/wordpress\/wp-content\/uploads\/2020\/12\/Impuls-9.12.-Foto.jpg\" alt=\"\" width=\"640\" height=\"640\" srcset=\"http:\/\/www.maria-koenigin.de\/wordpress\/wp-content\/uploads\/2020\/12\/Impuls-9.12.-Foto.jpg 640w, http:\/\/www.maria-koenigin.de\/wordpress\/wp-content\/uploads\/2020\/12\/Impuls-9.12.-Foto-300x300.jpg 300w, http:\/\/www.maria-koenigin.de\/wordpress\/wp-content\/uploads\/2020\/12\/Impuls-9.12.-Foto-150x150.jpg 150w, http:\/\/www.maria-koenigin.de\/wordpress\/wp-content\/uploads\/2020\/12\/Impuls-9.12.-Foto-624x624.jpg 624w\" sizes=\"auto, (max-width: 640px) 100vw, 640px\" \/><\/p>\n<p>Viele Erwachsene, die heute gefragt werden, ob sie fr\u00fcher in der Adventszeit Pl\u00e4tzchen gebacken haben, denken mit einem L\u00e4cheln daran zur\u00fcck. Mit dieser Tradition sind oft sch\u00f6ne Erinnerungen verbunden: Weihnachtliche D\u00fcfte, klebrige Finger, leise Weihnachtsmusik im Hintergrund und nat\u00fcrlich das heimliche Naschen des rohen Teigs.<br \/>\nAuch die eigenen Eltern und Gro\u00dfeltern haben oft schon Pl\u00e4tzchen gebacken, sodass diese Tradition bereits seit vielen Jahrzehnten existiert. Am Anfang wurde das Weihnachtsgeb\u00e4ck nicht nur verwendet, um es zu vernaschen, sondern schm\u00fcckte auch den Weihnachtsbaum. In s\u00e4mtlichen Haushalten hingen neben Kerzen und kleinen Holz- oder Glasfiguren auch selbstgemachte Pl\u00e4tzchen am Baum.<\/p>\n<p style=\"text-align: right;\"><em>Linnea Rameil, Jule Tigges EF<\/em><\/p>\n<p>&nbsp;<\/p>\n<p><strong>Der Heilige Nikolaus und wir <\/strong><\/p>\n<p><img loading=\"lazy\" decoding=\"async\" class=\"wp-image-9656 aligncenter\" src=\"http:\/\/www.maria-koenigin.de\/wordpress\/wp-content\/uploads\/2020\/12\/Impuls-6.12.-Foto.jpg\" alt=\"\" width=\"480\" height=\"720\" srcset=\"http:\/\/www.maria-koenigin.de\/wordpress\/wp-content\/uploads\/2020\/12\/Impuls-6.12.-Foto.jpg 640w, http:\/\/www.maria-koenigin.de\/wordpress\/wp-content\/uploads\/2020\/12\/Impuls-6.12.-Foto-200x300.jpg 200w, http:\/\/www.maria-koenigin.de\/wordpress\/wp-content\/uploads\/2020\/12\/Impuls-6.12.-Foto-624x936.jpg 624w\" sizes=\"auto, (max-width: 480px) 100vw, 480px\" \/><\/p>\n<p style=\"text-align: justify;\">Nikolaus von Myra<\/p>\n<p style=\"text-align: justify;\">&#8211; ein Heiliger<br \/>\n&#8211; ein Engel auf Erden<br \/>\n&#8211; ein Retter der Welt<br \/>\n&#8211; ein Helfer in der Not<br \/>\n&#8211; jemand der seinen Besitz f\u00fcr Arme ausgibt.<\/p>\n<p style=\"text-align: justify;\">Wenn man das so h\u00f6rt, kann man doch gar nicht mithalten! Wie kann man so gut sein? Solche Menschen gibt es heutzutage doch gar nicht mehr! Oder doch?<\/p>\n<p style=\"text-align: justify;\">Wenn ich mich so umsehe, begegnen uns schon Engel auf Erden. Gerade in der Adventszeit. Viele versuchen Kindern oder Menschen in Armut und Not durch ihre Ideen und ihr Engagement doch noch ein sch\u00f6nes Weihnachtsfest zu bescheren. In Pflegeheimen, Praxen und Krankenh\u00e4usern k\u00fcmmert sich das Personal mit aller Kraft darum, dass es den Bewohnern und Patienten gut geht. Besonders w\u00e4hrend der Corona-Pandemie kommen viele an ihre Grenzen und machen trotzdem weiter. Sie zeigen, dass auch sie Helfer in der Not sind.<\/p>\n<p style=\"text-align: justify;\">Im Alltag sorgen die M\u00fctter, die V\u00e4ter, die Freunde daf\u00fcr, dass es uns gut geht. Sie sind bedingungslos f\u00fcr uns da. Sind sie nicht auch unsere pers\u00f6nlichen Engel auf Erden?<\/p>\n<p style=\"text-align: justify;\">Auch, wenn man sie nicht direkt mit dem Heiligen vergleichen kann, tragen sie unser Leben mit. Denn sie sind f\u00fcr uns und andere da. Lasst uns besonders im Advent einmal die Zeit nehmen, dankbar f\u00fcr all die guten Taten sein, die sie f\u00fcr uns und andere tun. Und vielleicht sind wir ja auch Retter, Helfer, Engel f\u00fcr andere, ohne, dass wir es bemerken?!<\/p>\n<p style=\"text-align: justify;\">Ich w\u00fcnsche allen einen gesegneten Nikolaustag und eine besinnliche Adventszeit!<\/p>\n<p style=\"text-align: right;\"><em>Ann-Sophie Siebert<\/em><\/p>\n<p><img loading=\"lazy\" decoding=\"async\" class=\"size-full wp-image-9651\" src=\"http:\/\/www.maria-koenigin.de\/wordpress\/wp-content\/uploads\/2020\/11\/Impuls-2.12.-Foto.jpg\" alt=\"\" width=\"640\" height=\"602\" srcset=\"http:\/\/www.maria-koenigin.de\/wordpress\/wp-content\/uploads\/2020\/11\/Impuls-2.12.-Foto.jpg 640w, http:\/\/www.maria-koenigin.de\/wordpress\/wp-content\/uploads\/2020\/11\/Impuls-2.12.-Foto-300x282.jpg 300w, http:\/\/www.maria-koenigin.de\/wordpress\/wp-content\/uploads\/2020\/11\/Impuls-2.12.-Foto-624x587.jpg 624w\" sizes=\"auto, (max-width: 640px) 100vw, 640px\" \/><\/p>\n<p>&nbsp;<\/p>\n<p><strong>Advent \u2013 Zeit des Aufbruchs <\/strong><\/p>\n<p style=\"text-align: justify;\">F\u00fcr mich ist der Advent eine Zeit des Aufbruchs und des Unterwegsseins. Wobei es dabei eher um einen inneren Weg geht, auf den ich mich begebe, Kurven, Steigungen und unerwartete Wendungen\u00a0\u00a0 inklusive. Pers\u00f6nlich bin ich ein Mensch, der das Unterwegssein genie\u00dft. Sei es auf Reisen, beim Wandern oder auch nur w\u00e4hrend einer Autofahrt. Ich mag diesen Schwebezustand zwischen Punkt A und Punkt B, losgel\u00f6st aus Zeit und Raum, fern von den Problemen des Alltags. Zumindest f\u00fcr eine begrenzte Zeit. Das gibt mir ein Gef\u00fchl der Freiheit. Zwischendurch innehalten und auftanken, wann immer ich es brauche. Und dann genie\u00dfe ich aber auch den Moment des Ankommens. So ist es f\u00fcr mich mit dem Advent.<\/p>\n<p style=\"text-align: justify;\">Das Wort stammt schlie\u00dflich von dem lateinischen Wort \u201eadventus\u201f und bedeutet \u201eAnkunft\u201f. Gemeint ist eigentlich \u201eadventus Domini\u201f, die Ankunft des Herrn. Das ist f\u00fcr mich ein sch\u00f6ner Gedanke in dieser Zeit, dass die Rastlosigkeit, alles Beginnen und Suchen ein Ziel hat, das mir sogar entgegenkommt: Gott selbst, der in meinem Leben ankommen m\u00f6chte, wenn ich es zulasse.<\/p>\n<p style=\"text-align: justify;\">Wie auf einer Reise ist es dabei besonders in der oft stressigen Vorweihnachtszeit wichtig Pausen zu machen, zur Ruhe zu kommen und Haltepunkte zu suchen. Das k\u00f6nnen f\u00fcr mich die Gottesdienste an den Adventssonntagen, das Anz\u00fcnden der Kerzen am Adventskranz oder auch das gemeinsame Pl\u00e4tzchenbacken sein.<\/p>\n<p style=\"text-align: justify;\">Wann hast du dich zuletzt auf einen Weg gemacht? Was gibt dir unterwegs Kraft?<\/p>\n<p style=\"text-align: justify;\">Eine gesegnete Adventszeit!<\/p>\n<p style=\"text-align: right;\"><em>Tobias Riesel<\/em><\/p>\n<p><img loading=\"lazy\" decoding=\"async\" class=\"alignnone size-full wp-image-9649\" src=\"http:\/\/www.maria-koenigin.de\/wordpress\/wp-content\/uploads\/2020\/11\/Impuls-29.11.-Foto.jpg\" alt=\"\" width=\"640\" height=\"480\" srcset=\"http:\/\/www.maria-koenigin.de\/wordpress\/wp-content\/uploads\/2020\/11\/Impuls-29.11.-Foto.jpg 640w, http:\/\/www.maria-koenigin.de\/wordpress\/wp-content\/uploads\/2020\/11\/Impuls-29.11.-Foto-300x225.jpg 300w, http:\/\/www.maria-koenigin.de\/wordpress\/wp-content\/uploads\/2020\/11\/Impuls-29.11.-Foto-624x468.jpg 624w\" sizes=\"auto, (max-width: 640px) 100vw, 640px\" \/><\/p>\n<p><strong>Eine harte Nuss<\/strong><\/p>\n<p style=\"text-align: justify;\">Was brauchen wir f\u00fcr Advent und Weihnachten? Einen Adventskranz, Kerzen, Sterne, einen Weihnachtsbaum, Engel, Herzen, Geschenke, N\u00fcsse, Pl\u00e4tzchen und, und, und\u2026<\/p>\n<p style=\"text-align: justify;\">Alles k\u00f6nnen wir kaufen. Aber bekommen wir dadurch eine besinnliche Adventszeit und ein frohes Weihnachtsfest? Macht das alles gl\u00fccklich oder bringt es nur Stress, weil das Einkaufen von Geschenken wieder einmal auf die Frage f\u00fchrt, was denn das Richtige ist?<\/p>\n<p style=\"text-align: justify;\">Ein paar Zutaten f\u00fcr die Advents- und Weihnachtszeit habe ich fotografiert. Der Engel ist mir wichtig, weil er am Anfang und am Ende der Weihnachtsgeschichte steht. Der Engel erkl\u00e4rt Maria, dass sie ein Kind bekommen wird, das der Retter der Welt sein wird. Am Tag der Geburt Jesu singen die Engel \u201eEhre sei Gott in der H\u00f6he und Friede den Menschen seiner Gnade\u201c. Diese frohe Botschaft ist eine harte Nuss. Wie kann Jesus die Welt retten? Ist sie \u00fcberhaupt noch zu retten? Und wie kann Frieden auf Erden werden? Das klappt doch schon seit 2000 Jahren nicht!<\/p>\n<p style=\"text-align: justify;\">Mit dem Weihnachtsbaum ist das einfacher. Schon das Schm\u00fccken macht Spa\u00df und sind die Lichterketten oder Kerzen dann an, gibt das die richtige Stimmung. Und dazu die Geschenke. Das <em>muss <\/em>doch frohe Weihnachten geben. Aber kommen wir so an den Kern der \u201eNuss\u201c? Ist das wirklich alles?<\/p>\n<p style=\"text-align: justify;\">Wir brauchen noch die Herzen, die alles verbinden. Eine Geschichte aus dem Alten Testament macht das deutlich. Als Salomo, der Sohn des ber\u00fchmten K\u00f6nigs David selbst K\u00f6nig wird, tr\u00e4umt er von Gott, der ihn fragt, was er sich w\u00fcnscht. Salomo k\u00f6nnte sich alles w\u00fcnschen: Reichtum, Erfolg, Macht, Ansehen oder \u00e4hnliches, aber er w\u00fcnscht sich ein \u201eh\u00f6rendes Herz\u201c. Eine gute Wahl, findet Gott.<\/p>\n<p style=\"text-align: justify;\">Was Menschen wirklich verbindet, kommt vom Herzen. Ein \u201eh\u00f6rendes\u201c Herz kann ersp\u00fcren, was f\u00fcr einen anderen Menschen gut ist. Wer zuh\u00f6rt, kann W\u00fcnsche erf\u00fcllen und bekommt auch etwas zur\u00fcck, n\u00e4mlich Freude und Dankbarkeit. Es muss nicht immer ein gekauftes Geschenk sein, manchmal ist ein offenes Ohr mehr.<\/p>\n<p style=\"text-align: justify;\">Ich glaube, so kommt man der \u201eharten Nuss\u201c des Evangeliums auf die Spur. Das Kind in der Krippe ist ja nicht ein Kind geblieben. Jesus hat die Botschaft von der Liebe verk\u00fcndet, von der Liebe Gottes zu den Menschen, die ansteckend sein soll und Menschen dazu bringen k\u00f6nnte, diese Liebe selbst weiterzugeben. Dann bleibt der Lobpreis der Engel kein ferner Gesang im Himmel, sondern kann der Anfang des Friedens auf Erden sein.<\/p>\n<p style=\"text-align: justify;\">In diesem Sinne w\u00fcnsche ich uns allen eine besinnliche Adventzeit!<\/p>\n<p style=\"text-align: right;\"><em>Dr. Monika Lohmeyer<\/em><\/p>\n","protected":false},"excerpt":{"rendered":"<p>Liebe macht lebendig &#8211; Gedanken zur Fastenzeit\u00a0 Lieben kann manchmal weh tun, aber es ist das einzige, was ich wei\u00df und wenn es schwer wird,\u00a0du wei\u00dft, es kann manchmal schwer werden,\u00a0dann ist sie die einzige Sache,\u00a0durch die wir uns lebendig f\u00fchlen!\u00a0Lieben kann heilen\u201c So formuliert Ed Sheeran in seinem Lied \u201ephotograph\u201c, das hier zu sehen [&hellip;]<\/p>\n","protected":false},"author":1,"featured_media":0,"parent":0,"menu_order":0,"comment_status":"closed","ping_status":"closed","template":"","meta":{"ngg_post_thumbnail":0,"_mc_calendar":[],"footnotes":""},"class_list":["post-9645","page","type-page","status-publish","hentry"],"_links":{"self":[{"href":"http:\/\/www.maria-koenigin.de\/index.php?rest_route=\/wp\/v2\/pages\/9645","targetHints":{"allow":["GET"]}}],"collection":[{"href":"http:\/\/www.maria-koenigin.de\/index.php?rest_route=\/wp\/v2\/pages"}],"about":[{"href":"http:\/\/www.maria-koenigin.de\/index.php?rest_route=\/wp\/v2\/types\/page"}],"author":[{"embeddable":true,"href":"http:\/\/www.maria-koenigin.de\/index.php?rest_route=\/wp\/v2\/users\/1"}],"replies":[{"embeddable":true,"href":"http:\/\/www.maria-koenigin.de\/index.php?rest_route=%2Fwp%2Fv2%2Fcomments&post=9645"}],"version-history":[{"count":21,"href":"http:\/\/www.maria-koenigin.de\/index.php?rest_route=\/wp\/v2\/pages\/9645\/revisions"}],"predecessor-version":[{"id":9803,"href":"http:\/\/www.maria-koenigin.de\/index.php?rest_route=\/wp\/v2\/pages\/9645\/revisions\/9803"}],"wp:attachment":[{"href":"http:\/\/www.maria-koenigin.de\/index.php?rest_route=%2Fwp%2Fv2%2Fmedia&parent=9645"}],"curies":[{"name":"wp","href":"https:\/\/api.w.org\/{rel}","templated":true}]}}